{"id":4060,"date":"2023-10-30T08:50:20","date_gmt":"2023-10-30T08:50:20","guid":{"rendered":"https:\/\/radiocityvalencia.es\/?post_type=eventos&#038;p=4060"},"modified":"2023-11-20T11:02:00","modified_gmt":"2023-11-20T11:02:00","slug":"pared-con-pared-groenlandia","status":"publish","type":"eventos","link":"https:\/\/radiocityvalencia.es\/en\/eventos\/pared-con-pared-groenlandia\/","title":{"rendered":"Pared con Pared + Groenlandia"},"author":3,"featured_media":4063,"parent":0,"template":"","meta":[],"class_list":{"0":"post-4060","1":"eventos","2":"type-eventos","3":"status-publish","4":"has-post-thumbnail","6":"estilo-rock","7":"estilo-rock-roll"},"acf":[],"yoast_head":"<!-- This site is optimized with the Yoast SEO plugin v27.3 - https:\/\/yoast.com\/product\/yoast-seo-wordpress\/ -->\n<title>Pared con Pared + Groenlandia - Radiocity<\/title>\n<meta name=\"description\" content=\"En nuestras canciones se habla de cosas importantes para nosotros\u2026de aquello que nos emociona y nos saca una sonrisa, de aquello que nos escuece, de aquello que nos hace sentirnos vivos. Normalmente Marcos suele ser quien compone. Cuando termina una canci\u00f3n la presenta al resto del grupo y tras unas impresiones iniciales, cada uno desarrolla el acompa\u00f1amiento de su instrumento. En ocasiones de manera m\u00e1s individual, otras de manera grupal\u2026a vecesse modifican cosas de la maqueta inicial\u2026se pone en com\u00fan y se van puliendo detalles con el objetivo de conseguir la mayor coherencia posible entre todas las partes. En nuestro repertorio hay canciones que est\u00e1n m\u00e1s cerca del pop, canciones de un estilo m\u00e1s rockanrolero y otras con cierto aroma indie.Como es natural, los gustos e influencias de un compositor y una banda marcan mucho el tipo de m\u00fasica que van a producir, y en este caso podr\u00edamos hablar de Leiva, Fito, Quique G\u00f3nzalez, Morgan, Vetusta Morla, La M.O.D.A, Los Zigarros, Oasis\u2026como algunos de los referentes.\" \/>\n<meta name=\"robots\" content=\"index, follow, max-snippet:-1, max-image-preview:large, max-video-preview:-1\" \/>\n<link rel=\"canonical\" href=\"https:\/\/radiocityvalencia.es\/en\/eventos\/pared-con-pared-groenlandia\/\" \/>\n<meta property=\"og:locale\" content=\"en_US\" \/>\n<meta property=\"og:type\" content=\"article\" \/>\n<meta property=\"og:title\" content=\"Pared con Pared + Groenlandia - Radiocity\" \/>\n<meta property=\"og:description\" content=\"En nuestras canciones se habla de cosas importantes para nosotros\u2026de aquello que nos emociona y nos saca una sonrisa, de aquello que nos escuece, de aquello que nos hace sentirnos vivos. Normalmente Marcos suele ser quien compone. Cuando termina una canci\u00f3n la presenta al resto del grupo y tras unas impresiones iniciales, cada uno desarrolla el acompa\u00f1amiento de su instrumento. En ocasiones de manera m\u00e1s individual, otras de manera grupal\u2026a vecesse modifican cosas de la maqueta inicial\u2026se pone en com\u00fan y se van puliendo detalles con el objetivo de conseguir la mayor coherencia posible entre todas las partes. En nuestro repertorio hay canciones que est\u00e1n m\u00e1s cerca del pop, canciones de un estilo m\u00e1s rockanrolero y otras con cierto aroma indie.Como es natural, los gustos e influencias de un compositor y una banda marcan mucho el tipo de m\u00fasica que van a producir, y en este caso podr\u00edamos hablar de Leiva, Fito, Quique G\u00f3nzalez, Morgan, Vetusta Morla, La M.O.D.A, Los Zigarros, Oasis\u2026como algunos de los referentes.\" \/>\n<meta property=\"og:url\" content=\"https:\/\/radiocityvalencia.es\/en\/eventos\/pared-con-pared-groenlandia\/\" \/>\n<meta property=\"og:site_name\" content=\"Radiocity\" \/>\n<meta property=\"article:publisher\" content=\"https:\/\/www.facebook.com\/radiocityvlc\" \/>\n<meta property=\"article:modified_time\" content=\"2023-11-20T11:02:00+00:00\" \/>\n<meta property=\"og:image\" content=\"https:\/\/radiocityvalencia.es\/wp-content\/uploads\/2023\/10\/pared-con-pared-miniatura.webp\" \/>\n\t<meta property=\"og:image:width\" content=\"398\" \/>\n\t<meta property=\"og:image:height\" content=\"528\" \/>\n\t<meta property=\"og:image:type\" content=\"image\/webp\" \/>\n<meta name=\"twitter:card\" content=\"summary_large_image\" \/>\n<script type=\"application\/ld+json\" class=\"yoast-schema-graph\">{\"@context\":\"https:\\\/\\\/schema.org\",\"@graph\":[{\"@type\":\"WebPage\",\"@id\":\"https:\\\/\\\/radiocityvalencia.es\\\/en\\\/eventos\\\/pared-con-pared-groenlandia\\\/\",\"url\":\"https:\\\/\\\/radiocityvalencia.es\\\/en\\\/eventos\\\/pared-con-pared-groenlandia\\\/\",\"name\":\"Pared con Pared + Groenlandia - Radiocity\",\"isPartOf\":{\"@id\":\"https:\\\/\\\/radiocityvalencia.es\\\/en\\\/#website\"},\"primaryImageOfPage\":{\"@id\":\"https:\\\/\\\/radiocityvalencia.es\\\/en\\\/eventos\\\/pared-con-pared-groenlandia\\\/#primaryimage\"},\"image\":{\"@id\":\"https:\\\/\\\/radiocityvalencia.es\\\/en\\\/eventos\\\/pared-con-pared-groenlandia\\\/#primaryimage\"},\"thumbnailUrl\":\"https:\\\/\\\/radiocityvalencia.es\\\/wp-content\\\/uploads\\\/2023\\\/10\\\/pared-con-pared-miniatura.webp\",\"datePublished\":\"2023-10-30T08:50:20+00:00\",\"dateModified\":\"2023-11-20T11:02:00+00:00\",\"description\":\"En nuestras canciones se habla de cosas importantes para nosotros\u2026de aquello que nos emociona y nos saca una sonrisa, de aquello que nos escuece, de aquello que nos hace sentirnos vivos. Normalmente Marcos suele ser quien compone. Cuando termina una canci\u00f3n la presenta al resto del grupo y tras unas impresiones iniciales, cada uno desarrolla el acompa\u00f1amiento de su instrumento. En ocasiones de manera m\u00e1s individual, otras de manera grupal\u2026a vecesse modifican cosas de la maqueta inicial\u2026se pone en com\u00fan y se van puliendo detalles con el objetivo de conseguir la mayor coherencia posible entre todas las partes. En nuestro repertorio hay canciones que est\u00e1n m\u00e1s cerca del pop, canciones de un estilo m\u00e1s rockanrolero y otras con cierto aroma indie.Como es natural, los gustos e influencias de un compositor y una banda marcan mucho el tipo de m\u00fasica que van a producir, y en este caso podr\u00edamos hablar de Leiva, Fito, Quique G\u00f3nzalez, Morgan, Vetusta Morla, La M.O.D.A, Los Zigarros, Oasis\u2026como algunos de los referentes.\",\"breadcrumb\":{\"@id\":\"https:\\\/\\\/radiocityvalencia.es\\\/en\\\/eventos\\\/pared-con-pared-groenlandia\\\/#breadcrumb\"},\"inLanguage\":\"en-US\",\"potentialAction\":[{\"@type\":\"ReadAction\",\"target\":[\"https:\\\/\\\/radiocityvalencia.es\\\/en\\\/eventos\\\/pared-con-pared-groenlandia\\\/\"]}]},{\"@type\":\"ImageObject\",\"inLanguage\":\"en-US\",\"@id\":\"https:\\\/\\\/radiocityvalencia.es\\\/en\\\/eventos\\\/pared-con-pared-groenlandia\\\/#primaryimage\",\"url\":\"https:\\\/\\\/radiocityvalencia.es\\\/wp-content\\\/uploads\\\/2023\\\/10\\\/pared-con-pared-miniatura.webp\",\"contentUrl\":\"https:\\\/\\\/radiocityvalencia.es\\\/wp-content\\\/uploads\\\/2023\\\/10\\\/pared-con-pared-miniatura.webp\",\"width\":398,\"height\":528},{\"@type\":\"BreadcrumbList\",\"@id\":\"https:\\\/\\\/radiocityvalencia.es\\\/en\\\/eventos\\\/pared-con-pared-groenlandia\\\/#breadcrumb\",\"itemListElement\":[{\"@type\":\"ListItem\",\"position\":1,\"name\":\"Portada\",\"item\":\"https:\\\/\\\/radiocityvalencia.es\\\/en\\\/home\\\/\"},{\"@type\":\"ListItem\",\"position\":2,\"name\":\"Eventos\",\"item\":\"https:\\\/\\\/radiocityvalencia.es\\\/en\\\/eventos\\\/\"},{\"@type\":\"ListItem\",\"position\":3,\"name\":\"Pared con Pared + Groenlandia\"}]},{\"@type\":\"WebSite\",\"@id\":\"https:\\\/\\\/radiocityvalencia.es\\\/en\\\/#website\",\"url\":\"https:\\\/\\\/radiocityvalencia.es\\\/en\\\/\",\"name\":\"Radio City Valencia\",\"description\":\"The Place to Be\",\"publisher\":{\"@id\":\"https:\\\/\\\/radiocityvalencia.es\\\/en\\\/#organization\"},\"potentialAction\":[{\"@type\":\"SearchAction\",\"target\":{\"@type\":\"EntryPoint\",\"urlTemplate\":\"https:\\\/\\\/radiocityvalencia.es\\\/en\\\/?s={search_term_string}\"},\"query-input\":{\"@type\":\"PropertyValueSpecification\",\"valueRequired\":true,\"valueName\":\"search_term_string\"}}],\"inLanguage\":\"en-US\"},{\"@type\":\"Organization\",\"@id\":\"https:\\\/\\\/radiocityvalencia.es\\\/en\\\/#organization\",\"name\":\"Radio City Valencia\",\"url\":\"https:\\\/\\\/radiocityvalencia.es\\\/en\\\/\",\"logo\":{\"@type\":\"ImageObject\",\"inLanguage\":\"en-US\",\"@id\":\"https:\\\/\\\/radiocityvalencia.es\\\/en\\\/#\\\/schema\\\/logo\\\/image\\\/\",\"url\":\"https:\\\/\\\/radiocityvalencia.es\\\/wp-content\\\/uploads\\\/2023\\\/02\\\/LOGO_RADIO_WHT.png\",\"contentUrl\":\"https:\\\/\\\/radiocityvalencia.es\\\/wp-content\\\/uploads\\\/2023\\\/02\\\/LOGO_RADIO_WHT.png\",\"width\":398,\"height\":57,\"caption\":\"Radio City Valencia\"},\"image\":{\"@id\":\"https:\\\/\\\/radiocityvalencia.es\\\/en\\\/#\\\/schema\\\/logo\\\/image\\\/\"},\"sameAs\":[\"https:\\\/\\\/www.facebook.com\\\/radiocityvlc\"]}]}<\/script>\n<!-- \/ Yoast SEO plugin. -->","yoast_head_json":{"title":"Pared con Pared + Groenlandia - Radiocity","description":"En nuestras canciones se habla de cosas importantes para nosotros\u2026de aquello que nos emociona y nos saca una sonrisa, de aquello que nos escuece, de aquello que nos hace sentirnos vivos. Normalmente Marcos suele ser quien compone. Cuando termina una canci\u00f3n la presenta al resto del grupo y tras unas impresiones iniciales, cada uno desarrolla el acompa\u00f1amiento de su instrumento. En ocasiones de manera m\u00e1s individual, otras de manera grupal\u2026a vecesse modifican cosas de la maqueta inicial\u2026se pone en com\u00fan y se van puliendo detalles con el objetivo de conseguir la mayor coherencia posible entre todas las partes. En nuestro repertorio hay canciones que est\u00e1n m\u00e1s cerca del pop, canciones de un estilo m\u00e1s rockanrolero y otras con cierto aroma indie.Como es natural, los gustos e influencias de un compositor y una banda marcan mucho el tipo de m\u00fasica que van a producir, y en este caso podr\u00edamos hablar de Leiva, Fito, Quique G\u00f3nzalez, Morgan, Vetusta Morla, La M.O.D.A, Los Zigarros, Oasis\u2026como algunos de los referentes.","robots":{"index":"index","follow":"follow","max-snippet":"max-snippet:-1","max-image-preview":"max-image-preview:large","max-video-preview":"max-video-preview:-1"},"canonical":"https:\/\/radiocityvalencia.es\/en\/eventos\/pared-con-pared-groenlandia\/","og_locale":"en_US","og_type":"article","og_title":"Pared con Pared + Groenlandia - Radiocity","og_description":"En nuestras canciones se habla de cosas importantes para nosotros\u2026de aquello que nos emociona y nos saca una sonrisa, de aquello que nos escuece, de aquello que nos hace sentirnos vivos. Normalmente Marcos suele ser quien compone. Cuando termina una canci\u00f3n la presenta al resto del grupo y tras unas impresiones iniciales, cada uno desarrolla el acompa\u00f1amiento de su instrumento. En ocasiones de manera m\u00e1s individual, otras de manera grupal\u2026a vecesse modifican cosas de la maqueta inicial\u2026se pone en com\u00fan y se van puliendo detalles con el objetivo de conseguir la mayor coherencia posible entre todas las partes. En nuestro repertorio hay canciones que est\u00e1n m\u00e1s cerca del pop, canciones de un estilo m\u00e1s rockanrolero y otras con cierto aroma indie.Como es natural, los gustos e influencias de un compositor y una banda marcan mucho el tipo de m\u00fasica que van a producir, y en este caso podr\u00edamos hablar de Leiva, Fito, Quique G\u00f3nzalez, Morgan, Vetusta Morla, La M.O.D.A, Los Zigarros, Oasis\u2026como algunos de los referentes.","og_url":"https:\/\/radiocityvalencia.es\/en\/eventos\/pared-con-pared-groenlandia\/","og_site_name":"Radiocity","article_publisher":"https:\/\/www.facebook.com\/radiocityvlc","article_modified_time":"2023-11-20T11:02:00+00:00","og_image":[{"width":398,"height":528,"url":"https:\/\/radiocityvalencia.es\/wp-content\/uploads\/2023\/10\/pared-con-pared-miniatura.webp","type":"image\/webp"}],"twitter_card":"summary_large_image","schema":{"@context":"https:\/\/schema.org","@graph":[{"@type":"WebPage","@id":"https:\/\/radiocityvalencia.es\/en\/eventos\/pared-con-pared-groenlandia\/","url":"https:\/\/radiocityvalencia.es\/en\/eventos\/pared-con-pared-groenlandia\/","name":"Pared con Pared + Groenlandia - Radiocity","isPartOf":{"@id":"https:\/\/radiocityvalencia.es\/en\/#website"},"primaryImageOfPage":{"@id":"https:\/\/radiocityvalencia.es\/en\/eventos\/pared-con-pared-groenlandia\/#primaryimage"},"image":{"@id":"https:\/\/radiocityvalencia.es\/en\/eventos\/pared-con-pared-groenlandia\/#primaryimage"},"thumbnailUrl":"https:\/\/radiocityvalencia.es\/wp-content\/uploads\/2023\/10\/pared-con-pared-miniatura.webp","datePublished":"2023-10-30T08:50:20+00:00","dateModified":"2023-11-20T11:02:00+00:00","description":"En nuestras canciones se habla de cosas importantes para nosotros\u2026de aquello que nos emociona y nos saca una sonrisa, de aquello que nos escuece, de aquello que nos hace sentirnos vivos. Normalmente Marcos suele ser quien compone. Cuando termina una canci\u00f3n la presenta al resto del grupo y tras unas impresiones iniciales, cada uno desarrolla el acompa\u00f1amiento de su instrumento. En ocasiones de manera m\u00e1s individual, otras de manera grupal\u2026a vecesse modifican cosas de la maqueta inicial\u2026se pone en com\u00fan y se van puliendo detalles con el objetivo de conseguir la mayor coherencia posible entre todas las partes. En nuestro repertorio hay canciones que est\u00e1n m\u00e1s cerca del pop, canciones de un estilo m\u00e1s rockanrolero y otras con cierto aroma indie.Como es natural, los gustos e influencias de un compositor y una banda marcan mucho el tipo de m\u00fasica que van a producir, y en este caso podr\u00edamos hablar de Leiva, Fito, Quique G\u00f3nzalez, Morgan, Vetusta Morla, La M.O.D.A, Los Zigarros, Oasis\u2026como algunos de los referentes.","breadcrumb":{"@id":"https:\/\/radiocityvalencia.es\/en\/eventos\/pared-con-pared-groenlandia\/#breadcrumb"},"inLanguage":"en-US","potentialAction":[{"@type":"ReadAction","target":["https:\/\/radiocityvalencia.es\/en\/eventos\/pared-con-pared-groenlandia\/"]}]},{"@type":"ImageObject","inLanguage":"en-US","@id":"https:\/\/radiocityvalencia.es\/en\/eventos\/pared-con-pared-groenlandia\/#primaryimage","url":"https:\/\/radiocityvalencia.es\/wp-content\/uploads\/2023\/10\/pared-con-pared-miniatura.webp","contentUrl":"https:\/\/radiocityvalencia.es\/wp-content\/uploads\/2023\/10\/pared-con-pared-miniatura.webp","width":398,"height":528},{"@type":"BreadcrumbList","@id":"https:\/\/radiocityvalencia.es\/en\/eventos\/pared-con-pared-groenlandia\/#breadcrumb","itemListElement":[{"@type":"ListItem","position":1,"name":"Portada","item":"https:\/\/radiocityvalencia.es\/en\/home\/"},{"@type":"ListItem","position":2,"name":"Eventos","item":"https:\/\/radiocityvalencia.es\/en\/eventos\/"},{"@type":"ListItem","position":3,"name":"Pared con Pared + Groenlandia"}]},{"@type":"WebSite","@id":"https:\/\/radiocityvalencia.es\/en\/#website","url":"https:\/\/radiocityvalencia.es\/en\/","name":"Radio City Valencia","description":"The Place to Be","publisher":{"@id":"https:\/\/radiocityvalencia.es\/en\/#organization"},"potentialAction":[{"@type":"SearchAction","target":{"@type":"EntryPoint","urlTemplate":"https:\/\/radiocityvalencia.es\/en\/?s={search_term_string}"},"query-input":{"@type":"PropertyValueSpecification","valueRequired":true,"valueName":"search_term_string"}}],"inLanguage":"en-US"},{"@type":"Organization","@id":"https:\/\/radiocityvalencia.es\/en\/#organization","name":"Radio City Valencia","url":"https:\/\/radiocityvalencia.es\/en\/","logo":{"@type":"ImageObject","inLanguage":"en-US","@id":"https:\/\/radiocityvalencia.es\/en\/#\/schema\/logo\/image\/","url":"https:\/\/radiocityvalencia.es\/wp-content\/uploads\/2023\/02\/LOGO_RADIO_WHT.png","contentUrl":"https:\/\/radiocityvalencia.es\/wp-content\/uploads\/2023\/02\/LOGO_RADIO_WHT.png","width":398,"height":57,"caption":"Radio City Valencia"},"image":{"@id":"https:\/\/radiocityvalencia.es\/en\/#\/schema\/logo\/image\/"},"sameAs":["https:\/\/www.facebook.com\/radiocityvlc"]}]}},"_links":{"self":[{"href":"https:\/\/radiocityvalencia.es\/en\/wp-json\/wp\/v2\/eventos\/4060","targetHints":{"allow":["GET"]}}],"collection":[{"href":"https:\/\/radiocityvalencia.es\/en\/wp-json\/wp\/v2\/eventos"}],"about":[{"href":"https:\/\/radiocityvalencia.es\/en\/wp-json\/wp\/v2\/types\/eventos"}],"author":[{"embeddable":true,"href":"https:\/\/radiocityvalencia.es\/en\/wp-json\/wp\/v2\/users\/3"}],"version-history":[{"count":8,"href":"https:\/\/radiocityvalencia.es\/en\/wp-json\/wp\/v2\/eventos\/4060\/revisions"}],"predecessor-version":[{"id":4444,"href":"https:\/\/radiocityvalencia.es\/en\/wp-json\/wp\/v2\/eventos\/4060\/revisions\/4444"}],"wp:featuredmedia":[{"embeddable":true,"href":"https:\/\/radiocityvalencia.es\/en\/wp-json\/wp\/v2\/media\/4063"}],"wp:attachment":[{"href":"https:\/\/radiocityvalencia.es\/en\/wp-json\/wp\/v2\/media?parent=4060"}],"curies":[{"name":"wp","href":"https:\/\/api.w.org\/{rel}","templated":true}]}}