{"id":3821,"date":"2023-10-18T10:47:29","date_gmt":"2023-10-18T10:47:29","guid":{"rendered":"https:\/\/radiocityvalencia.es\/?post_type=eventos&#038;p=3821"},"modified":"2023-10-18T10:47:29","modified_gmt":"2023-10-18T10:47:29","slug":"las-lloronas-presentan-nuevo-disco-en-radio-city-valencia","status":"publish","type":"eventos","link":"https:\/\/radiocityvalencia.es\/en\/eventos\/las-lloronas-presentan-nuevo-disco-en-radio-city-valencia\/","title":{"rendered":"SMOA Presenta: Las Lloronas"},"author":3,"featured_media":3751,"parent":0,"template":"","meta":[],"class_list":{"0":"post-3821","1":"eventos","2":"type-eventos","3":"status-publish","4":"has-post-thumbnail","6":"estilo-arte","7":"estilo-klezmer","8":"estilo-poesia"},"acf":[],"yoast_head":"<!-- This site is optimized with the Yoast SEO plugin v27.3 - https:\/\/yoast.com\/product\/yoast-seo-wordpress\/ -->\n<title>SMOA Presenta: Las Lloronas - Radiocity<\/title>\n<meta name=\"description\" content=\"Las Lloronas son un tr\u00edo establecido en Bruselas, fusiona la m\u00fasica ac\u00fastica con la expresi\u00f3n po\u00e9tica del &#039;Slam&#039;. Tres artistas se unen para compartir letras \u00edntimas impregnadas de armon\u00edas, melod\u00edas melanc\u00f3licas y ritmos cautivadores. Durante sus actuaciones, Las Lloronas comparten momentos de poderosa vulnerabilidad. Transitando entre la autenticidad, la diversi\u00f3n y la indignaci\u00f3n, estas tres voces encuentran inspiraci\u00f3n en el folklore hispano, el Klezmer y la poes\u00eda urbana.\" \/>\n<meta name=\"robots\" content=\"index, follow, max-snippet:-1, max-image-preview:large, max-video-preview:-1\" \/>\n<link rel=\"canonical\" href=\"https:\/\/radiocityvalencia.es\/en\/eventos\/las-lloronas-presentan-nuevo-disco-en-radio-city-valencia\/\" \/>\n<meta property=\"og:locale\" content=\"en_US\" \/>\n<meta property=\"og:type\" content=\"article\" \/>\n<meta property=\"og:title\" content=\"SMOA Presenta: Las Lloronas - Radiocity\" \/>\n<meta property=\"og:description\" content=\"Las Lloronas son un tr\u00edo establecido en Bruselas, fusiona la m\u00fasica ac\u00fastica con la expresi\u00f3n po\u00e9tica del &#039;Slam&#039;. Tres artistas se unen para compartir letras \u00edntimas impregnadas de armon\u00edas, melod\u00edas melanc\u00f3licas y ritmos cautivadores. Durante sus actuaciones, Las Lloronas comparten momentos de poderosa vulnerabilidad. Transitando entre la autenticidad, la diversi\u00f3n y la indignaci\u00f3n, estas tres voces encuentran inspiraci\u00f3n en el folklore hispano, el Klezmer y la poes\u00eda urbana.\" \/>\n<meta property=\"og:url\" content=\"https:\/\/radiocityvalencia.es\/en\/eventos\/las-lloronas-presentan-nuevo-disco-en-radio-city-valencia\/\" \/>\n<meta property=\"og:site_name\" content=\"Radiocity\" \/>\n<meta property=\"article:publisher\" content=\"https:\/\/www.facebook.com\/radiocityvlc\" \/>\n<meta property=\"og:image\" content=\"https:\/\/radiocityvalencia.es\/wp-content\/uploads\/2023\/10\/Las-lloronas-cabecera-1-1024x923.webp\" \/>\n\t<meta property=\"og:image:width\" content=\"1024\" \/>\n\t<meta property=\"og:image:height\" content=\"923\" \/>\n\t<meta property=\"og:image:type\" content=\"image\/webp\" \/>\n<meta name=\"twitter:card\" content=\"summary_large_image\" \/>\n<script type=\"application\/ld+json\" class=\"yoast-schema-graph\">{\"@context\":\"https:\\\/\\\/schema.org\",\"@graph\":[{\"@type\":\"WebPage\",\"@id\":\"https:\\\/\\\/radiocityvalencia.es\\\/en\\\/eventos\\\/las-lloronas-presentan-nuevo-disco-en-radio-city-valencia\\\/\",\"url\":\"https:\\\/\\\/radiocityvalencia.es\\\/en\\\/eventos\\\/las-lloronas-presentan-nuevo-disco-en-radio-city-valencia\\\/\",\"name\":\"SMOA Presenta: Las Lloronas - Radiocity\",\"isPartOf\":{\"@id\":\"https:\\\/\\\/radiocityvalencia.es\\\/en\\\/#website\"},\"primaryImageOfPage\":{\"@id\":\"https:\\\/\\\/radiocityvalencia.es\\\/en\\\/eventos\\\/las-lloronas-presentan-nuevo-disco-en-radio-city-valencia\\\/#primaryimage\"},\"image\":{\"@id\":\"https:\\\/\\\/radiocityvalencia.es\\\/en\\\/eventos\\\/las-lloronas-presentan-nuevo-disco-en-radio-city-valencia\\\/#primaryimage\"},\"thumbnailUrl\":\"https:\\\/\\\/radiocityvalencia.es\\\/wp-content\\\/uploads\\\/2023\\\/10\\\/las-lloronas-miniatura.webp\",\"datePublished\":\"2023-10-18T10:47:29+00:00\",\"description\":\"Las Lloronas son un tr\u00edo establecido en Bruselas, fusiona la m\u00fasica ac\u00fastica con la expresi\u00f3n po\u00e9tica del 'Slam'. Tres artistas se unen para compartir letras \u00edntimas impregnadas de armon\u00edas, melod\u00edas melanc\u00f3licas y ritmos cautivadores. Durante sus actuaciones, Las Lloronas comparten momentos de poderosa vulnerabilidad. Transitando entre la autenticidad, la diversi\u00f3n y la indignaci\u00f3n, estas tres voces encuentran inspiraci\u00f3n en el folklore hispano, el Klezmer y la poes\u00eda urbana.\",\"breadcrumb\":{\"@id\":\"https:\\\/\\\/radiocityvalencia.es\\\/en\\\/eventos\\\/las-lloronas-presentan-nuevo-disco-en-radio-city-valencia\\\/#breadcrumb\"},\"inLanguage\":\"en-US\",\"potentialAction\":[{\"@type\":\"ReadAction\",\"target\":[\"https:\\\/\\\/radiocityvalencia.es\\\/en\\\/eventos\\\/las-lloronas-presentan-nuevo-disco-en-radio-city-valencia\\\/\"]}]},{\"@type\":\"ImageObject\",\"inLanguage\":\"en-US\",\"@id\":\"https:\\\/\\\/radiocityvalencia.es\\\/en\\\/eventos\\\/las-lloronas-presentan-nuevo-disco-en-radio-city-valencia\\\/#primaryimage\",\"url\":\"https:\\\/\\\/radiocityvalencia.es\\\/wp-content\\\/uploads\\\/2023\\\/10\\\/las-lloronas-miniatura.webp\",\"contentUrl\":\"https:\\\/\\\/radiocityvalencia.es\\\/wp-content\\\/uploads\\\/2023\\\/10\\\/las-lloronas-miniatura.webp\",\"width\":398,\"height\":528},{\"@type\":\"BreadcrumbList\",\"@id\":\"https:\\\/\\\/radiocityvalencia.es\\\/en\\\/eventos\\\/las-lloronas-presentan-nuevo-disco-en-radio-city-valencia\\\/#breadcrumb\",\"itemListElement\":[{\"@type\":\"ListItem\",\"position\":1,\"name\":\"Portada\",\"item\":\"https:\\\/\\\/radiocityvalencia.es\\\/en\\\/home\\\/\"},{\"@type\":\"ListItem\",\"position\":2,\"name\":\"Eventos\",\"item\":\"https:\\\/\\\/radiocityvalencia.es\\\/en\\\/eventos\\\/\"},{\"@type\":\"ListItem\",\"position\":3,\"name\":\"SMOA Presenta: Las Lloronas\"}]},{\"@type\":\"WebSite\",\"@id\":\"https:\\\/\\\/radiocityvalencia.es\\\/en\\\/#website\",\"url\":\"https:\\\/\\\/radiocityvalencia.es\\\/en\\\/\",\"name\":\"Radio City Valencia\",\"description\":\"The Place to Be\",\"publisher\":{\"@id\":\"https:\\\/\\\/radiocityvalencia.es\\\/en\\\/#organization\"},\"potentialAction\":[{\"@type\":\"SearchAction\",\"target\":{\"@type\":\"EntryPoint\",\"urlTemplate\":\"https:\\\/\\\/radiocityvalencia.es\\\/en\\\/?s={search_term_string}\"},\"query-input\":{\"@type\":\"PropertyValueSpecification\",\"valueRequired\":true,\"valueName\":\"search_term_string\"}}],\"inLanguage\":\"en-US\"},{\"@type\":\"Organization\",\"@id\":\"https:\\\/\\\/radiocityvalencia.es\\\/en\\\/#organization\",\"name\":\"Radio City Valencia\",\"url\":\"https:\\\/\\\/radiocityvalencia.es\\\/en\\\/\",\"logo\":{\"@type\":\"ImageObject\",\"inLanguage\":\"en-US\",\"@id\":\"https:\\\/\\\/radiocityvalencia.es\\\/en\\\/#\\\/schema\\\/logo\\\/image\\\/\",\"url\":\"https:\\\/\\\/radiocityvalencia.es\\\/wp-content\\\/uploads\\\/2023\\\/02\\\/LOGO_RADIO_WHT.png\",\"contentUrl\":\"https:\\\/\\\/radiocityvalencia.es\\\/wp-content\\\/uploads\\\/2023\\\/02\\\/LOGO_RADIO_WHT.png\",\"width\":398,\"height\":57,\"caption\":\"Radio City Valencia\"},\"image\":{\"@id\":\"https:\\\/\\\/radiocityvalencia.es\\\/en\\\/#\\\/schema\\\/logo\\\/image\\\/\"},\"sameAs\":[\"https:\\\/\\\/www.facebook.com\\\/radiocityvlc\"]}]}<\/script>\n<!-- \/ Yoast SEO plugin. -->","yoast_head_json":{"title":"SMOA Presenta: Las Lloronas - Radiocity","description":"Las Lloronas son un tr\u00edo establecido en Bruselas, fusiona la m\u00fasica ac\u00fastica con la expresi\u00f3n po\u00e9tica del 'Slam'. Tres artistas se unen para compartir letras \u00edntimas impregnadas de armon\u00edas, melod\u00edas melanc\u00f3licas y ritmos cautivadores. Durante sus actuaciones, Las Lloronas comparten momentos de poderosa vulnerabilidad. Transitando entre la autenticidad, la diversi\u00f3n y la indignaci\u00f3n, estas tres voces encuentran inspiraci\u00f3n en el folklore hispano, el Klezmer y la poes\u00eda urbana.","robots":{"index":"index","follow":"follow","max-snippet":"max-snippet:-1","max-image-preview":"max-image-preview:large","max-video-preview":"max-video-preview:-1"},"canonical":"https:\/\/radiocityvalencia.es\/en\/eventos\/las-lloronas-presentan-nuevo-disco-en-radio-city-valencia\/","og_locale":"en_US","og_type":"article","og_title":"SMOA Presenta: Las Lloronas - Radiocity","og_description":"Las Lloronas son un tr\u00edo establecido en Bruselas, fusiona la m\u00fasica ac\u00fastica con la expresi\u00f3n po\u00e9tica del 'Slam'. Tres artistas se unen para compartir letras \u00edntimas impregnadas de armon\u00edas, melod\u00edas melanc\u00f3licas y ritmos cautivadores. Durante sus actuaciones, Las Lloronas comparten momentos de poderosa vulnerabilidad. Transitando entre la autenticidad, la diversi\u00f3n y la indignaci\u00f3n, estas tres voces encuentran inspiraci\u00f3n en el folklore hispano, el Klezmer y la poes\u00eda urbana.","og_url":"https:\/\/radiocityvalencia.es\/en\/eventos\/las-lloronas-presentan-nuevo-disco-en-radio-city-valencia\/","og_site_name":"Radiocity","article_publisher":"https:\/\/www.facebook.com\/radiocityvlc","og_image":[{"width":1024,"height":923,"url":"https:\/\/radiocityvalencia.es\/wp-content\/uploads\/2023\/10\/Las-lloronas-cabecera-1-1024x923.webp","type":"image\/webp"}],"twitter_card":"summary_large_image","schema":{"@context":"https:\/\/schema.org","@graph":[{"@type":"WebPage","@id":"https:\/\/radiocityvalencia.es\/en\/eventos\/las-lloronas-presentan-nuevo-disco-en-radio-city-valencia\/","url":"https:\/\/radiocityvalencia.es\/en\/eventos\/las-lloronas-presentan-nuevo-disco-en-radio-city-valencia\/","name":"SMOA Presenta: Las Lloronas - Radiocity","isPartOf":{"@id":"https:\/\/radiocityvalencia.es\/en\/#website"},"primaryImageOfPage":{"@id":"https:\/\/radiocityvalencia.es\/en\/eventos\/las-lloronas-presentan-nuevo-disco-en-radio-city-valencia\/#primaryimage"},"image":{"@id":"https:\/\/radiocityvalencia.es\/en\/eventos\/las-lloronas-presentan-nuevo-disco-en-radio-city-valencia\/#primaryimage"},"thumbnailUrl":"https:\/\/radiocityvalencia.es\/wp-content\/uploads\/2023\/10\/las-lloronas-miniatura.webp","datePublished":"2023-10-18T10:47:29+00:00","description":"Las Lloronas son un tr\u00edo establecido en Bruselas, fusiona la m\u00fasica ac\u00fastica con la expresi\u00f3n po\u00e9tica del 'Slam'. Tres artistas se unen para compartir letras \u00edntimas impregnadas de armon\u00edas, melod\u00edas melanc\u00f3licas y ritmos cautivadores. Durante sus actuaciones, Las Lloronas comparten momentos de poderosa vulnerabilidad. Transitando entre la autenticidad, la diversi\u00f3n y la indignaci\u00f3n, estas tres voces encuentran inspiraci\u00f3n en el folklore hispano, el Klezmer y la poes\u00eda urbana.","breadcrumb":{"@id":"https:\/\/radiocityvalencia.es\/en\/eventos\/las-lloronas-presentan-nuevo-disco-en-radio-city-valencia\/#breadcrumb"},"inLanguage":"en-US","potentialAction":[{"@type":"ReadAction","target":["https:\/\/radiocityvalencia.es\/en\/eventos\/las-lloronas-presentan-nuevo-disco-en-radio-city-valencia\/"]}]},{"@type":"ImageObject","inLanguage":"en-US","@id":"https:\/\/radiocityvalencia.es\/en\/eventos\/las-lloronas-presentan-nuevo-disco-en-radio-city-valencia\/#primaryimage","url":"https:\/\/radiocityvalencia.es\/wp-content\/uploads\/2023\/10\/las-lloronas-miniatura.webp","contentUrl":"https:\/\/radiocityvalencia.es\/wp-content\/uploads\/2023\/10\/las-lloronas-miniatura.webp","width":398,"height":528},{"@type":"BreadcrumbList","@id":"https:\/\/radiocityvalencia.es\/en\/eventos\/las-lloronas-presentan-nuevo-disco-en-radio-city-valencia\/#breadcrumb","itemListElement":[{"@type":"ListItem","position":1,"name":"Portada","item":"https:\/\/radiocityvalencia.es\/en\/home\/"},{"@type":"ListItem","position":2,"name":"Eventos","item":"https:\/\/radiocityvalencia.es\/en\/eventos\/"},{"@type":"ListItem","position":3,"name":"SMOA Presenta: Las Lloronas"}]},{"@type":"WebSite","@id":"https:\/\/radiocityvalencia.es\/en\/#website","url":"https:\/\/radiocityvalencia.es\/en\/","name":"Radio City Valencia","description":"The Place to Be","publisher":{"@id":"https:\/\/radiocityvalencia.es\/en\/#organization"},"potentialAction":[{"@type":"SearchAction","target":{"@type":"EntryPoint","urlTemplate":"https:\/\/radiocityvalencia.es\/en\/?s={search_term_string}"},"query-input":{"@type":"PropertyValueSpecification","valueRequired":true,"valueName":"search_term_string"}}],"inLanguage":"en-US"},{"@type":"Organization","@id":"https:\/\/radiocityvalencia.es\/en\/#organization","name":"Radio City Valencia","url":"https:\/\/radiocityvalencia.es\/en\/","logo":{"@type":"ImageObject","inLanguage":"en-US","@id":"https:\/\/radiocityvalencia.es\/en\/#\/schema\/logo\/image\/","url":"https:\/\/radiocityvalencia.es\/wp-content\/uploads\/2023\/02\/LOGO_RADIO_WHT.png","contentUrl":"https:\/\/radiocityvalencia.es\/wp-content\/uploads\/2023\/02\/LOGO_RADIO_WHT.png","width":398,"height":57,"caption":"Radio City Valencia"},"image":{"@id":"https:\/\/radiocityvalencia.es\/en\/#\/schema\/logo\/image\/"},"sameAs":["https:\/\/www.facebook.com\/radiocityvlc"]}]}},"_links":{"self":[{"href":"https:\/\/radiocityvalencia.es\/en\/wp-json\/wp\/v2\/eventos\/3821","targetHints":{"allow":["GET"]}}],"collection":[{"href":"https:\/\/radiocityvalencia.es\/en\/wp-json\/wp\/v2\/eventos"}],"about":[{"href":"https:\/\/radiocityvalencia.es\/en\/wp-json\/wp\/v2\/types\/eventos"}],"author":[{"embeddable":true,"href":"https:\/\/radiocityvalencia.es\/en\/wp-json\/wp\/v2\/users\/3"}],"version-history":[{"count":1,"href":"https:\/\/radiocityvalencia.es\/en\/wp-json\/wp\/v2\/eventos\/3821\/revisions"}],"predecessor-version":[{"id":3822,"href":"https:\/\/radiocityvalencia.es\/en\/wp-json\/wp\/v2\/eventos\/3821\/revisions\/3822"}],"wp:featuredmedia":[{"embeddable":true,"href":"https:\/\/radiocityvalencia.es\/en\/wp-json\/wp\/v2\/media\/3751"}],"wp:attachment":[{"href":"https:\/\/radiocityvalencia.es\/en\/wp-json\/wp\/v2\/media?parent=3821"}],"curies":[{"name":"wp","href":"https:\/\/api.w.org\/{rel}","templated":true}]}}