{"id":3605,"date":"2023-09-28T09:32:50","date_gmt":"2023-09-28T09:32:50","guid":{"rendered":"https:\/\/radiocityvalencia.es\/?post_type=eventos&#038;p=3605"},"modified":"2023-11-06T09:40:25","modified_gmt":"2023-11-06T09:40:25","slug":"noche-de-flamenco-show-07-11-2023","status":"publish","type":"eventos","link":"https:\/\/radiocityvalencia.es\/en\/eventos\/noche-de-flamenco-show-07-11-2023\/","title":{"rendered":"Noche de Flamenco Show 07\/11\/2023"},"author":3,"featured_media":773,"parent":0,"template":"","meta":[],"class_list":{"0":"post-3605","1":"eventos","2":"type-eventos","3":"status-publish","4":"has-post-thumbnail","6":"estilo-flamenco"},"acf":[],"yoast_head":"<!-- This site is optimized with the Yoast SEO plugin v27.3 - https:\/\/yoast.com\/product\/yoast-seo-wordpress\/ -->\n<title>Noche de Flamenco Show 07\/11\/2023 - Radiocity<\/title>\n<meta name=\"description\" content=\"El flamenco siempre ha tenido un espacio propio en la sala, siendo el martes el d\u00eda que se ofrece un espect\u00e1culo de calidad desde hace casi 25 a\u00f1os de forma ininterrumpida. Hemos conseguido que vengan viajeros de cualquier lugar del mundo a nuestro local y las valoraciones en redes sociales certifican el grado elevad\u00edsimo de satisfacci\u00f3n en los clientes internacionales.Pensamos que lo sabemos todo del flamenco, que ya est\u00e1 todo dicho, pero no es as\u00ed. En RADIO CITY, Valencia, el flamenco se redescubre y se reinventa cada martes. Cada semana el duende del flamenco llena nuestra sala de una magia especial que solamente el flamenco sabe crear. Un duende que nace de la pasi\u00f3n, del arte y la tradici\u00f3n, de la cultura y las ganas de transmitir sentimientos a trav\u00e9s de la m\u00fasica y el baile.Cada uno de los artistas que pasa por nuestra sala deja un poquito de s\u00ed mismo sobre el escenario, una peque\u00f1a dosis de arte \u00fanica e irrepetible, un suvenir intangible e intransferible. En Radio City pensamos que el arte hay que vivirlo en primera persona, as\u00ed que ven y comprueba t\u00fa mismo que este arte, din\u00e1mico y cambiante, siempre est\u00e1 en constante evoluci\u00f3n.\" \/>\n<meta name=\"robots\" content=\"index, follow, max-snippet:-1, max-image-preview:large, max-video-preview:-1\" \/>\n<link rel=\"canonical\" href=\"https:\/\/radiocityvalencia.es\/en\/eventos\/noche-de-flamenco-show-07-11-2023\/\" \/>\n<meta property=\"og:locale\" content=\"en_US\" \/>\n<meta property=\"og:type\" content=\"article\" \/>\n<meta property=\"og:title\" content=\"Noche de Flamenco Show 07\/11\/2023 - Radiocity\" \/>\n<meta property=\"og:description\" content=\"El flamenco siempre ha tenido un espacio propio en la sala, siendo el martes el d\u00eda que se ofrece un espect\u00e1culo de calidad desde hace casi 25 a\u00f1os de forma ininterrumpida. Hemos conseguido que vengan viajeros de cualquier lugar del mundo a nuestro local y las valoraciones en redes sociales certifican el grado elevad\u00edsimo de satisfacci\u00f3n en los clientes internacionales.Pensamos que lo sabemos todo del flamenco, que ya est\u00e1 todo dicho, pero no es as\u00ed. En RADIO CITY, Valencia, el flamenco se redescubre y se reinventa cada martes. Cada semana el duende del flamenco llena nuestra sala de una magia especial que solamente el flamenco sabe crear. Un duende que nace de la pasi\u00f3n, del arte y la tradici\u00f3n, de la cultura y las ganas de transmitir sentimientos a trav\u00e9s de la m\u00fasica y el baile.Cada uno de los artistas que pasa por nuestra sala deja un poquito de s\u00ed mismo sobre el escenario, una peque\u00f1a dosis de arte \u00fanica e irrepetible, un suvenir intangible e intransferible. En Radio City pensamos que el arte hay que vivirlo en primera persona, as\u00ed que ven y comprueba t\u00fa mismo que este arte, din\u00e1mico y cambiante, siempre est\u00e1 en constante evoluci\u00f3n.\" \/>\n<meta property=\"og:url\" content=\"https:\/\/radiocityvalencia.es\/en\/eventos\/noche-de-flamenco-show-07-11-2023\/\" \/>\n<meta property=\"og:site_name\" content=\"Radiocity\" \/>\n<meta property=\"article:publisher\" content=\"https:\/\/www.facebook.com\/radiocityvlc\" \/>\n<meta property=\"article:modified_time\" content=\"2023-11-06T09:40:25+00:00\" \/>\n<meta property=\"og:image\" content=\"https:\/\/radiocityvalencia.es\/wp-content\/uploads\/2023\/02\/LOGO_EVENTO_-FLAMENCO-FINO-BLK.webp\" \/>\n\t<meta property=\"og:image:width\" content=\"1000\" \/>\n\t<meta property=\"og:image:height\" content=\"600\" \/>\n\t<meta property=\"og:image:type\" content=\"image\/webp\" \/>\n<meta name=\"twitter:card\" content=\"summary_large_image\" \/>\n<script type=\"application\/ld+json\" class=\"yoast-schema-graph\">{\"@context\":\"https:\\\/\\\/schema.org\",\"@graph\":[{\"@type\":\"WebPage\",\"@id\":\"https:\\\/\\\/radiocityvalencia.es\\\/en\\\/eventos\\\/noche-de-flamenco-show-07-11-2023\\\/\",\"url\":\"https:\\\/\\\/radiocityvalencia.es\\\/en\\\/eventos\\\/noche-de-flamenco-show-07-11-2023\\\/\",\"name\":\"Noche de Flamenco Show 07\\\/11\\\/2023 - Radiocity\",\"isPartOf\":{\"@id\":\"https:\\\/\\\/radiocityvalencia.es\\\/en\\\/#website\"},\"primaryImageOfPage\":{\"@id\":\"https:\\\/\\\/radiocityvalencia.es\\\/en\\\/eventos\\\/noche-de-flamenco-show-07-11-2023\\\/#primaryimage\"},\"image\":{\"@id\":\"https:\\\/\\\/radiocityvalencia.es\\\/en\\\/eventos\\\/noche-de-flamenco-show-07-11-2023\\\/#primaryimage\"},\"thumbnailUrl\":\"https:\\\/\\\/radiocityvalencia.es\\\/wp-content\\\/uploads\\\/2023\\\/02\\\/MINIATURA_FLAMENCO.webp\",\"datePublished\":\"2023-09-28T09:32:50+00:00\",\"dateModified\":\"2023-11-06T09:40:25+00:00\",\"description\":\"El flamenco siempre ha tenido un espacio propio en la sala, siendo el martes el d\u00eda que se ofrece un espect\u00e1culo de calidad desde hace casi 25 a\u00f1os de forma ininterrumpida. Hemos conseguido que vengan viajeros de cualquier lugar del mundo a nuestro local y las valoraciones en redes sociales certifican el grado elevad\u00edsimo de satisfacci\u00f3n en los clientes internacionales.Pensamos que lo sabemos todo del flamenco, que ya est\u00e1 todo dicho, pero no es as\u00ed. En RADIO CITY, Valencia, el flamenco se redescubre y se reinventa cada martes. Cada semana el duende del flamenco llena nuestra sala de una magia especial que solamente el flamenco sabe crear. Un duende que nace de la pasi\u00f3n, del arte y la tradici\u00f3n, de la cultura y las ganas de transmitir sentimientos a trav\u00e9s de la m\u00fasica y el baile.Cada uno de los artistas que pasa por nuestra sala deja un poquito de s\u00ed mismo sobre el escenario, una peque\u00f1a dosis de arte \u00fanica e irrepetible, un suvenir intangible e intransferible. En Radio City pensamos que el arte hay que vivirlo en primera persona, as\u00ed que ven y comprueba t\u00fa mismo que este arte, din\u00e1mico y cambiante, siempre est\u00e1 en constante evoluci\u00f3n.\",\"breadcrumb\":{\"@id\":\"https:\\\/\\\/radiocityvalencia.es\\\/en\\\/eventos\\\/noche-de-flamenco-show-07-11-2023\\\/#breadcrumb\"},\"inLanguage\":\"en-US\",\"potentialAction\":[{\"@type\":\"ReadAction\",\"target\":[\"https:\\\/\\\/radiocityvalencia.es\\\/en\\\/eventos\\\/noche-de-flamenco-show-07-11-2023\\\/\"]}]},{\"@type\":\"ImageObject\",\"inLanguage\":\"en-US\",\"@id\":\"https:\\\/\\\/radiocityvalencia.es\\\/en\\\/eventos\\\/noche-de-flamenco-show-07-11-2023\\\/#primaryimage\",\"url\":\"https:\\\/\\\/radiocityvalencia.es\\\/wp-content\\\/uploads\\\/2023\\\/02\\\/MINIATURA_FLAMENCO.webp\",\"contentUrl\":\"https:\\\/\\\/radiocityvalencia.es\\\/wp-content\\\/uploads\\\/2023\\\/02\\\/MINIATURA_FLAMENCO.webp\",\"width\":398,\"height\":528},{\"@type\":\"BreadcrumbList\",\"@id\":\"https:\\\/\\\/radiocityvalencia.es\\\/en\\\/eventos\\\/noche-de-flamenco-show-07-11-2023\\\/#breadcrumb\",\"itemListElement\":[{\"@type\":\"ListItem\",\"position\":1,\"name\":\"Portada\",\"item\":\"https:\\\/\\\/radiocityvalencia.es\\\/en\\\/home\\\/\"},{\"@type\":\"ListItem\",\"position\":2,\"name\":\"Eventos\",\"item\":\"https:\\\/\\\/radiocityvalencia.es\\\/en\\\/eventos\\\/\"},{\"@type\":\"ListItem\",\"position\":3,\"name\":\"Noche de Flamenco Show 07\\\/11\\\/2023\"}]},{\"@type\":\"WebSite\",\"@id\":\"https:\\\/\\\/radiocityvalencia.es\\\/en\\\/#website\",\"url\":\"https:\\\/\\\/radiocityvalencia.es\\\/en\\\/\",\"name\":\"Radio City Valencia\",\"description\":\"The Place to Be\",\"publisher\":{\"@id\":\"https:\\\/\\\/radiocityvalencia.es\\\/en\\\/#organization\"},\"potentialAction\":[{\"@type\":\"SearchAction\",\"target\":{\"@type\":\"EntryPoint\",\"urlTemplate\":\"https:\\\/\\\/radiocityvalencia.es\\\/en\\\/?s={search_term_string}\"},\"query-input\":{\"@type\":\"PropertyValueSpecification\",\"valueRequired\":true,\"valueName\":\"search_term_string\"}}],\"inLanguage\":\"en-US\"},{\"@type\":\"Organization\",\"@id\":\"https:\\\/\\\/radiocityvalencia.es\\\/en\\\/#organization\",\"name\":\"Radio City Valencia\",\"url\":\"https:\\\/\\\/radiocityvalencia.es\\\/en\\\/\",\"logo\":{\"@type\":\"ImageObject\",\"inLanguage\":\"en-US\",\"@id\":\"https:\\\/\\\/radiocityvalencia.es\\\/en\\\/#\\\/schema\\\/logo\\\/image\\\/\",\"url\":\"https:\\\/\\\/radiocityvalencia.es\\\/wp-content\\\/uploads\\\/2023\\\/02\\\/LOGO_RADIO_WHT.png\",\"contentUrl\":\"https:\\\/\\\/radiocityvalencia.es\\\/wp-content\\\/uploads\\\/2023\\\/02\\\/LOGO_RADIO_WHT.png\",\"width\":398,\"height\":57,\"caption\":\"Radio City Valencia\"},\"image\":{\"@id\":\"https:\\\/\\\/radiocityvalencia.es\\\/en\\\/#\\\/schema\\\/logo\\\/image\\\/\"},\"sameAs\":[\"https:\\\/\\\/www.facebook.com\\\/radiocityvlc\"]}]}<\/script>\n<!-- \/ Yoast SEO plugin. -->","yoast_head_json":{"title":"Noche de Flamenco Show 07\/11\/2023 - Radiocity","description":"El flamenco siempre ha tenido un espacio propio en la sala, siendo el martes el d\u00eda que se ofrece un espect\u00e1culo de calidad desde hace casi 25 a\u00f1os de forma ininterrumpida. Hemos conseguido que vengan viajeros de cualquier lugar del mundo a nuestro local y las valoraciones en redes sociales certifican el grado elevad\u00edsimo de satisfacci\u00f3n en los clientes internacionales.Pensamos que lo sabemos todo del flamenco, que ya est\u00e1 todo dicho, pero no es as\u00ed. En RADIO CITY, Valencia, el flamenco se redescubre y se reinventa cada martes. Cada semana el duende del flamenco llena nuestra sala de una magia especial que solamente el flamenco sabe crear. Un duende que nace de la pasi\u00f3n, del arte y la tradici\u00f3n, de la cultura y las ganas de transmitir sentimientos a trav\u00e9s de la m\u00fasica y el baile.Cada uno de los artistas que pasa por nuestra sala deja un poquito de s\u00ed mismo sobre el escenario, una peque\u00f1a dosis de arte \u00fanica e irrepetible, un suvenir intangible e intransferible. En Radio City pensamos que el arte hay que vivirlo en primera persona, as\u00ed que ven y comprueba t\u00fa mismo que este arte, din\u00e1mico y cambiante, siempre est\u00e1 en constante evoluci\u00f3n.","robots":{"index":"index","follow":"follow","max-snippet":"max-snippet:-1","max-image-preview":"max-image-preview:large","max-video-preview":"max-video-preview:-1"},"canonical":"https:\/\/radiocityvalencia.es\/en\/eventos\/noche-de-flamenco-show-07-11-2023\/","og_locale":"en_US","og_type":"article","og_title":"Noche de Flamenco Show 07\/11\/2023 - Radiocity","og_description":"El flamenco siempre ha tenido un espacio propio en la sala, siendo el martes el d\u00eda que se ofrece un espect\u00e1culo de calidad desde hace casi 25 a\u00f1os de forma ininterrumpida. Hemos conseguido que vengan viajeros de cualquier lugar del mundo a nuestro local y las valoraciones en redes sociales certifican el grado elevad\u00edsimo de satisfacci\u00f3n en los clientes internacionales.Pensamos que lo sabemos todo del flamenco, que ya est\u00e1 todo dicho, pero no es as\u00ed. En RADIO CITY, Valencia, el flamenco se redescubre y se reinventa cada martes. Cada semana el duende del flamenco llena nuestra sala de una magia especial que solamente el flamenco sabe crear. Un duende que nace de la pasi\u00f3n, del arte y la tradici\u00f3n, de la cultura y las ganas de transmitir sentimientos a trav\u00e9s de la m\u00fasica y el baile.Cada uno de los artistas que pasa por nuestra sala deja un poquito de s\u00ed mismo sobre el escenario, una peque\u00f1a dosis de arte \u00fanica e irrepetible, un suvenir intangible e intransferible. En Radio City pensamos que el arte hay que vivirlo en primera persona, as\u00ed que ven y comprueba t\u00fa mismo que este arte, din\u00e1mico y cambiante, siempre est\u00e1 en constante evoluci\u00f3n.","og_url":"https:\/\/radiocityvalencia.es\/en\/eventos\/noche-de-flamenco-show-07-11-2023\/","og_site_name":"Radiocity","article_publisher":"https:\/\/www.facebook.com\/radiocityvlc","article_modified_time":"2023-11-06T09:40:25+00:00","og_image":[{"width":1000,"height":600,"url":"https:\/\/radiocityvalencia.es\/wp-content\/uploads\/2023\/02\/LOGO_EVENTO_-FLAMENCO-FINO-BLK.webp","type":"image\/webp"}],"twitter_card":"summary_large_image","schema":{"@context":"https:\/\/schema.org","@graph":[{"@type":"WebPage","@id":"https:\/\/radiocityvalencia.es\/en\/eventos\/noche-de-flamenco-show-07-11-2023\/","url":"https:\/\/radiocityvalencia.es\/en\/eventos\/noche-de-flamenco-show-07-11-2023\/","name":"Noche de Flamenco Show 07\/11\/2023 - Radiocity","isPartOf":{"@id":"https:\/\/radiocityvalencia.es\/en\/#website"},"primaryImageOfPage":{"@id":"https:\/\/radiocityvalencia.es\/en\/eventos\/noche-de-flamenco-show-07-11-2023\/#primaryimage"},"image":{"@id":"https:\/\/radiocityvalencia.es\/en\/eventos\/noche-de-flamenco-show-07-11-2023\/#primaryimage"},"thumbnailUrl":"https:\/\/radiocityvalencia.es\/wp-content\/uploads\/2023\/02\/MINIATURA_FLAMENCO.webp","datePublished":"2023-09-28T09:32:50+00:00","dateModified":"2023-11-06T09:40:25+00:00","description":"El flamenco siempre ha tenido un espacio propio en la sala, siendo el martes el d\u00eda que se ofrece un espect\u00e1culo de calidad desde hace casi 25 a\u00f1os de forma ininterrumpida. Hemos conseguido que vengan viajeros de cualquier lugar del mundo a nuestro local y las valoraciones en redes sociales certifican el grado elevad\u00edsimo de satisfacci\u00f3n en los clientes internacionales.Pensamos que lo sabemos todo del flamenco, que ya est\u00e1 todo dicho, pero no es as\u00ed. En RADIO CITY, Valencia, el flamenco se redescubre y se reinventa cada martes. Cada semana el duende del flamenco llena nuestra sala de una magia especial que solamente el flamenco sabe crear. Un duende que nace de la pasi\u00f3n, del arte y la tradici\u00f3n, de la cultura y las ganas de transmitir sentimientos a trav\u00e9s de la m\u00fasica y el baile.Cada uno de los artistas que pasa por nuestra sala deja un poquito de s\u00ed mismo sobre el escenario, una peque\u00f1a dosis de arte \u00fanica e irrepetible, un suvenir intangible e intransferible. En Radio City pensamos que el arte hay que vivirlo en primera persona, as\u00ed que ven y comprueba t\u00fa mismo que este arte, din\u00e1mico y cambiante, siempre est\u00e1 en constante evoluci\u00f3n.","breadcrumb":{"@id":"https:\/\/radiocityvalencia.es\/en\/eventos\/noche-de-flamenco-show-07-11-2023\/#breadcrumb"},"inLanguage":"en-US","potentialAction":[{"@type":"ReadAction","target":["https:\/\/radiocityvalencia.es\/en\/eventos\/noche-de-flamenco-show-07-11-2023\/"]}]},{"@type":"ImageObject","inLanguage":"en-US","@id":"https:\/\/radiocityvalencia.es\/en\/eventos\/noche-de-flamenco-show-07-11-2023\/#primaryimage","url":"https:\/\/radiocityvalencia.es\/wp-content\/uploads\/2023\/02\/MINIATURA_FLAMENCO.webp","contentUrl":"https:\/\/radiocityvalencia.es\/wp-content\/uploads\/2023\/02\/MINIATURA_FLAMENCO.webp","width":398,"height":528},{"@type":"BreadcrumbList","@id":"https:\/\/radiocityvalencia.es\/en\/eventos\/noche-de-flamenco-show-07-11-2023\/#breadcrumb","itemListElement":[{"@type":"ListItem","position":1,"name":"Portada","item":"https:\/\/radiocityvalencia.es\/en\/home\/"},{"@type":"ListItem","position":2,"name":"Eventos","item":"https:\/\/radiocityvalencia.es\/en\/eventos\/"},{"@type":"ListItem","position":3,"name":"Noche de Flamenco Show 07\/11\/2023"}]},{"@type":"WebSite","@id":"https:\/\/radiocityvalencia.es\/en\/#website","url":"https:\/\/radiocityvalencia.es\/en\/","name":"Radio City Valencia","description":"The Place to Be","publisher":{"@id":"https:\/\/radiocityvalencia.es\/en\/#organization"},"potentialAction":[{"@type":"SearchAction","target":{"@type":"EntryPoint","urlTemplate":"https:\/\/radiocityvalencia.es\/en\/?s={search_term_string}"},"query-input":{"@type":"PropertyValueSpecification","valueRequired":true,"valueName":"search_term_string"}}],"inLanguage":"en-US"},{"@type":"Organization","@id":"https:\/\/radiocityvalencia.es\/en\/#organization","name":"Radio City Valencia","url":"https:\/\/radiocityvalencia.es\/en\/","logo":{"@type":"ImageObject","inLanguage":"en-US","@id":"https:\/\/radiocityvalencia.es\/en\/#\/schema\/logo\/image\/","url":"https:\/\/radiocityvalencia.es\/wp-content\/uploads\/2023\/02\/LOGO_RADIO_WHT.png","contentUrl":"https:\/\/radiocityvalencia.es\/wp-content\/uploads\/2023\/02\/LOGO_RADIO_WHT.png","width":398,"height":57,"caption":"Radio City Valencia"},"image":{"@id":"https:\/\/radiocityvalencia.es\/en\/#\/schema\/logo\/image\/"},"sameAs":["https:\/\/www.facebook.com\/radiocityvlc"]}]}},"_links":{"self":[{"href":"https:\/\/radiocityvalencia.es\/en\/wp-json\/wp\/v2\/eventos\/3605","targetHints":{"allow":["GET"]}}],"collection":[{"href":"https:\/\/radiocityvalencia.es\/en\/wp-json\/wp\/v2\/eventos"}],"about":[{"href":"https:\/\/radiocityvalencia.es\/en\/wp-json\/wp\/v2\/types\/eventos"}],"author":[{"embeddable":true,"href":"https:\/\/radiocityvalencia.es\/en\/wp-json\/wp\/v2\/users\/3"}],"version-history":[{"count":7,"href":"https:\/\/radiocityvalencia.es\/en\/wp-json\/wp\/v2\/eventos\/3605\/revisions"}],"predecessor-version":[{"id":4187,"href":"https:\/\/radiocityvalencia.es\/en\/wp-json\/wp\/v2\/eventos\/3605\/revisions\/4187"}],"wp:featuredmedia":[{"embeddable":true,"href":"https:\/\/radiocityvalencia.es\/en\/wp-json\/wp\/v2\/media\/773"}],"wp:attachment":[{"href":"https:\/\/radiocityvalencia.es\/en\/wp-json\/wp\/v2\/media?parent=3605"}],"curies":[{"name":"wp","href":"https:\/\/api.w.org\/{rel}","templated":true}]}}