{"id":4466,"date":"2023-11-22T13:23:01","date_gmt":"2023-11-22T13:23:01","guid":{"rendered":"https:\/\/radiocityvalencia.es\/?post_type=artistas&#038;p=4466"},"modified":"2023-11-22T13:31:10","modified_gmt":"2023-11-22T13:31:10","slug":"su-carrera-profesional-esta-vinculada-al-fotoperiodismo","status":"publish","type":"artistas","link":"https:\/\/radiocityvalencia.es\/en\/artistas\/su-carrera-profesional-esta-vinculada-al-fotoperiodismo\/","title":{"rendered":"Marianela S\u00e1nchez"},"author":3,"featured_media":4429,"parent":0,"template":"","meta":[],"class_list":{"0":"post-4466","1":"artistas","2":"type-artistas","3":"status-publish","4":"has-post-thumbnail","6":"estilo_musical-exposicion","7":"estilo_musical-fotografia","8":"estilo_musical-fotoperiodismo"},"acf":[],"yoast_head":"<!-- This site is optimized with the Yoast SEO plugin v27.5 - https:\/\/yoast.com\/product\/yoast-seo-wordpress\/ -->\n<title>Marianela S\u00e1nchez - Radiocity<\/title>\n<meta name=\"description\" content=\"Marianela S\u00e1nchezse form\u00f3 en la Escuela de Artes Aplicadas Lino Enea Spilimbergo (C\u00f3rdoba). Su carrera profesional est\u00e1 vinculada al fotoperiodismo. El n\u00facleo de su trabajo m\u00e1s personal se centra en el documentalismo.\" \/>\n<meta name=\"robots\" content=\"index, follow, max-snippet:-1, max-image-preview:large, max-video-preview:-1\" \/>\n<link rel=\"canonical\" href=\"https:\/\/radiocityvalencia.es\/en\/artistas\/su-carrera-profesional-esta-vinculada-al-fotoperiodismo\/\" \/>\n<meta property=\"og:locale\" content=\"en_US\" \/>\n<meta property=\"og:type\" content=\"article\" \/>\n<meta property=\"og:title\" content=\"Marianela S\u00e1nchez - Radiocity\" \/>\n<meta property=\"og:description\" content=\"Marianela S\u00e1nchezse form\u00f3 en la Escuela de Artes Aplicadas Lino Enea Spilimbergo (C\u00f3rdoba). Su carrera profesional est\u00e1 vinculada al fotoperiodismo. El n\u00facleo de su trabajo m\u00e1s personal se centra en el documentalismo.\" \/>\n<meta property=\"og:url\" content=\"https:\/\/radiocityvalencia.es\/en\/artistas\/su-carrera-profesional-esta-vinculada-al-fotoperiodismo\/\" \/>\n<meta property=\"og:site_name\" content=\"Radiocity\" \/>\n<meta property=\"article:publisher\" content=\"https:\/\/www.facebook.com\/radiocityvlc\" \/>\n<meta property=\"article:modified_time\" content=\"2023-11-22T13:31:10+00:00\" \/>\n<meta property=\"og:image\" content=\"https:\/\/radiocityvalencia.es\/wp-content\/uploads\/2023\/11\/Marianela-cabecera.webp\" \/>\n\t<meta property=\"og:image:width\" content=\"1920\" \/>\n\t<meta property=\"og:image:height\" content=\"1278\" \/>\n\t<meta property=\"og:image:type\" content=\"image\/webp\" \/>\n<meta name=\"twitter:card\" content=\"summary_large_image\" \/>\n<script type=\"application\/ld+json\" class=\"yoast-schema-graph\">{\"@context\":\"https:\\\/\\\/schema.org\",\"@graph\":[{\"@type\":\"WebPage\",\"@id\":\"https:\\\/\\\/radiocityvalencia.es\\\/en\\\/artistas\\\/su-carrera-profesional-esta-vinculada-al-fotoperiodismo\\\/\",\"url\":\"https:\\\/\\\/radiocityvalencia.es\\\/en\\\/artistas\\\/su-carrera-profesional-esta-vinculada-al-fotoperiodismo\\\/\",\"name\":\"Marianela S\u00e1nchez - Radiocity\",\"isPartOf\":{\"@id\":\"https:\\\/\\\/radiocityvalencia.es\\\/en\\\/#website\"},\"primaryImageOfPage\":{\"@id\":\"https:\\\/\\\/radiocityvalencia.es\\\/en\\\/artistas\\\/su-carrera-profesional-esta-vinculada-al-fotoperiodismo\\\/#primaryimage\"},\"image\":{\"@id\":\"https:\\\/\\\/radiocityvalencia.es\\\/en\\\/artistas\\\/su-carrera-profesional-esta-vinculada-al-fotoperiodismo\\\/#primaryimage\"},\"thumbnailUrl\":\"https:\\\/\\\/radiocityvalencia.es\\\/wp-content\\\/uploads\\\/2023\\\/11\\\/marianela-miniatura.webp\",\"datePublished\":\"2023-11-22T13:23:01+00:00\",\"dateModified\":\"2023-11-22T13:31:10+00:00\",\"description\":\"Marianela S\u00e1nchezse form\u00f3 en la Escuela de Artes Aplicadas Lino Enea Spilimbergo (C\u00f3rdoba). Su carrera profesional est\u00e1 vinculada al fotoperiodismo. El n\u00facleo de su trabajo m\u00e1s personal se centra en el documentalismo.\",\"breadcrumb\":{\"@id\":\"https:\\\/\\\/radiocityvalencia.es\\\/en\\\/artistas\\\/su-carrera-profesional-esta-vinculada-al-fotoperiodismo\\\/#breadcrumb\"},\"inLanguage\":\"en-US\",\"potentialAction\":[{\"@type\":\"ReadAction\",\"target\":[\"https:\\\/\\\/radiocityvalencia.es\\\/en\\\/artistas\\\/su-carrera-profesional-esta-vinculada-al-fotoperiodismo\\\/\"]}]},{\"@type\":\"ImageObject\",\"inLanguage\":\"en-US\",\"@id\":\"https:\\\/\\\/radiocityvalencia.es\\\/en\\\/artistas\\\/su-carrera-profesional-esta-vinculada-al-fotoperiodismo\\\/#primaryimage\",\"url\":\"https:\\\/\\\/radiocityvalencia.es\\\/wp-content\\\/uploads\\\/2023\\\/11\\\/marianela-miniatura.webp\",\"contentUrl\":\"https:\\\/\\\/radiocityvalencia.es\\\/wp-content\\\/uploads\\\/2023\\\/11\\\/marianela-miniatura.webp\",\"width\":398,\"height\":528},{\"@type\":\"BreadcrumbList\",\"@id\":\"https:\\\/\\\/radiocityvalencia.es\\\/en\\\/artistas\\\/su-carrera-profesional-esta-vinculada-al-fotoperiodismo\\\/#breadcrumb\",\"itemListElement\":[{\"@type\":\"ListItem\",\"position\":1,\"name\":\"Portada\",\"item\":\"https:\\\/\\\/radiocityvalencia.es\\\/en\\\/home\\\/\"},{\"@type\":\"ListItem\",\"position\":2,\"name\":\"Artistas\",\"item\":\"https:\\\/\\\/radiocityvalencia.es\\\/en\\\/artistas\\\/\"},{\"@type\":\"ListItem\",\"position\":3,\"name\":\"Marianela S\u00e1nchez\"}]},{\"@type\":\"WebSite\",\"@id\":\"https:\\\/\\\/radiocityvalencia.es\\\/en\\\/#website\",\"url\":\"https:\\\/\\\/radiocityvalencia.es\\\/en\\\/\",\"name\":\"Radio City Valencia\",\"description\":\"The Place to Be\",\"publisher\":{\"@id\":\"https:\\\/\\\/radiocityvalencia.es\\\/en\\\/#organization\"},\"potentialAction\":[{\"@type\":\"SearchAction\",\"target\":{\"@type\":\"EntryPoint\",\"urlTemplate\":\"https:\\\/\\\/radiocityvalencia.es\\\/en\\\/?s={search_term_string}\"},\"query-input\":{\"@type\":\"PropertyValueSpecification\",\"valueRequired\":true,\"valueName\":\"search_term_string\"}}],\"inLanguage\":\"en-US\"},{\"@type\":\"Organization\",\"@id\":\"https:\\\/\\\/radiocityvalencia.es\\\/en\\\/#organization\",\"name\":\"Radio City Valencia\",\"url\":\"https:\\\/\\\/radiocityvalencia.es\\\/en\\\/\",\"logo\":{\"@type\":\"ImageObject\",\"inLanguage\":\"en-US\",\"@id\":\"https:\\\/\\\/radiocityvalencia.es\\\/en\\\/#\\\/schema\\\/logo\\\/image\\\/\",\"url\":\"https:\\\/\\\/radiocityvalencia.es\\\/wp-content\\\/uploads\\\/2023\\\/02\\\/LOGO_RADIO_WHT.png\",\"contentUrl\":\"https:\\\/\\\/radiocityvalencia.es\\\/wp-content\\\/uploads\\\/2023\\\/02\\\/LOGO_RADIO_WHT.png\",\"width\":398,\"height\":57,\"caption\":\"Radio City Valencia\"},\"image\":{\"@id\":\"https:\\\/\\\/radiocityvalencia.es\\\/en\\\/#\\\/schema\\\/logo\\\/image\\\/\"},\"sameAs\":[\"https:\\\/\\\/www.facebook.com\\\/radiocityvlc\"]}]}<\/script>\n<!-- \/ Yoast SEO plugin. -->","yoast_head_json":{"title":"Marianela S\u00e1nchez - Radiocity","description":"Marianela S\u00e1nchezse form\u00f3 en la Escuela de Artes Aplicadas Lino Enea Spilimbergo (C\u00f3rdoba). Su carrera profesional est\u00e1 vinculada al fotoperiodismo. El n\u00facleo de su trabajo m\u00e1s personal se centra en el documentalismo.","robots":{"index":"index","follow":"follow","max-snippet":"max-snippet:-1","max-image-preview":"max-image-preview:large","max-video-preview":"max-video-preview:-1"},"canonical":"https:\/\/radiocityvalencia.es\/en\/artistas\/su-carrera-profesional-esta-vinculada-al-fotoperiodismo\/","og_locale":"en_US","og_type":"article","og_title":"Marianela S\u00e1nchez - Radiocity","og_description":"Marianela S\u00e1nchezse form\u00f3 en la Escuela de Artes Aplicadas Lino Enea Spilimbergo (C\u00f3rdoba). Su carrera profesional est\u00e1 vinculada al fotoperiodismo. El n\u00facleo de su trabajo m\u00e1s personal se centra en el documentalismo.","og_url":"https:\/\/radiocityvalencia.es\/en\/artistas\/su-carrera-profesional-esta-vinculada-al-fotoperiodismo\/","og_site_name":"Radiocity","article_publisher":"https:\/\/www.facebook.com\/radiocityvlc","article_modified_time":"2023-11-22T13:31:10+00:00","og_image":[{"width":1920,"height":1278,"url":"https:\/\/radiocityvalencia.es\/wp-content\/uploads\/2023\/11\/Marianela-cabecera.webp","type":"image\/webp"}],"twitter_card":"summary_large_image","schema":{"@context":"https:\/\/schema.org","@graph":[{"@type":"WebPage","@id":"https:\/\/radiocityvalencia.es\/en\/artistas\/su-carrera-profesional-esta-vinculada-al-fotoperiodismo\/","url":"https:\/\/radiocityvalencia.es\/en\/artistas\/su-carrera-profesional-esta-vinculada-al-fotoperiodismo\/","name":"Marianela S\u00e1nchez - Radiocity","isPartOf":{"@id":"https:\/\/radiocityvalencia.es\/en\/#website"},"primaryImageOfPage":{"@id":"https:\/\/radiocityvalencia.es\/en\/artistas\/su-carrera-profesional-esta-vinculada-al-fotoperiodismo\/#primaryimage"},"image":{"@id":"https:\/\/radiocityvalencia.es\/en\/artistas\/su-carrera-profesional-esta-vinculada-al-fotoperiodismo\/#primaryimage"},"thumbnailUrl":"https:\/\/radiocityvalencia.es\/wp-content\/uploads\/2023\/11\/marianela-miniatura.webp","datePublished":"2023-11-22T13:23:01+00:00","dateModified":"2023-11-22T13:31:10+00:00","description":"Marianela S\u00e1nchezse form\u00f3 en la Escuela de Artes Aplicadas Lino Enea Spilimbergo (C\u00f3rdoba). Su carrera profesional est\u00e1 vinculada al fotoperiodismo. El n\u00facleo de su trabajo m\u00e1s personal se centra en el documentalismo.","breadcrumb":{"@id":"https:\/\/radiocityvalencia.es\/en\/artistas\/su-carrera-profesional-esta-vinculada-al-fotoperiodismo\/#breadcrumb"},"inLanguage":"en-US","potentialAction":[{"@type":"ReadAction","target":["https:\/\/radiocityvalencia.es\/en\/artistas\/su-carrera-profesional-esta-vinculada-al-fotoperiodismo\/"]}]},{"@type":"ImageObject","inLanguage":"en-US","@id":"https:\/\/radiocityvalencia.es\/en\/artistas\/su-carrera-profesional-esta-vinculada-al-fotoperiodismo\/#primaryimage","url":"https:\/\/radiocityvalencia.es\/wp-content\/uploads\/2023\/11\/marianela-miniatura.webp","contentUrl":"https:\/\/radiocityvalencia.es\/wp-content\/uploads\/2023\/11\/marianela-miniatura.webp","width":398,"height":528},{"@type":"BreadcrumbList","@id":"https:\/\/radiocityvalencia.es\/en\/artistas\/su-carrera-profesional-esta-vinculada-al-fotoperiodismo\/#breadcrumb","itemListElement":[{"@type":"ListItem","position":1,"name":"Portada","item":"https:\/\/radiocityvalencia.es\/en\/home\/"},{"@type":"ListItem","position":2,"name":"Artistas","item":"https:\/\/radiocityvalencia.es\/en\/artistas\/"},{"@type":"ListItem","position":3,"name":"Marianela S\u00e1nchez"}]},{"@type":"WebSite","@id":"https:\/\/radiocityvalencia.es\/en\/#website","url":"https:\/\/radiocityvalencia.es\/en\/","name":"Radio City Valencia","description":"The Place to Be","publisher":{"@id":"https:\/\/radiocityvalencia.es\/en\/#organization"},"potentialAction":[{"@type":"SearchAction","target":{"@type":"EntryPoint","urlTemplate":"https:\/\/radiocityvalencia.es\/en\/?s={search_term_string}"},"query-input":{"@type":"PropertyValueSpecification","valueRequired":true,"valueName":"search_term_string"}}],"inLanguage":"en-US"},{"@type":"Organization","@id":"https:\/\/radiocityvalencia.es\/en\/#organization","name":"Radio City Valencia","url":"https:\/\/radiocityvalencia.es\/en\/","logo":{"@type":"ImageObject","inLanguage":"en-US","@id":"https:\/\/radiocityvalencia.es\/en\/#\/schema\/logo\/image\/","url":"https:\/\/radiocityvalencia.es\/wp-content\/uploads\/2023\/02\/LOGO_RADIO_WHT.png","contentUrl":"https:\/\/radiocityvalencia.es\/wp-content\/uploads\/2023\/02\/LOGO_RADIO_WHT.png","width":398,"height":57,"caption":"Radio City Valencia"},"image":{"@id":"https:\/\/radiocityvalencia.es\/en\/#\/schema\/logo\/image\/"},"sameAs":["https:\/\/www.facebook.com\/radiocityvlc"]}]}},"_links":{"self":[{"href":"https:\/\/radiocityvalencia.es\/en\/wp-json\/wp\/v2\/artistas\/4466","targetHints":{"allow":["GET"]}}],"collection":[{"href":"https:\/\/radiocityvalencia.es\/en\/wp-json\/wp\/v2\/artistas"}],"about":[{"href":"https:\/\/radiocityvalencia.es\/en\/wp-json\/wp\/v2\/types\/artistas"}],"author":[{"embeddable":true,"href":"https:\/\/radiocityvalencia.es\/en\/wp-json\/wp\/v2\/users\/3"}],"version-history":[{"count":1,"href":"https:\/\/radiocityvalencia.es\/en\/wp-json\/wp\/v2\/artistas\/4466\/revisions"}],"predecessor-version":[{"id":4467,"href":"https:\/\/radiocityvalencia.es\/en\/wp-json\/wp\/v2\/artistas\/4466\/revisions\/4467"}],"wp:featuredmedia":[{"embeddable":true,"href":"https:\/\/radiocityvalencia.es\/en\/wp-json\/wp\/v2\/media\/4429"}],"wp:attachment":[{"href":"https:\/\/radiocityvalencia.es\/en\/wp-json\/wp\/v2\/media?parent=4466"}],"curies":[{"name":"wp","href":"https:\/\/api.w.org\/{rel}","templated":true}]}}