{"id":2239,"date":"2023-05-23T11:51:58","date_gmt":"2023-05-23T11:51:58","guid":{"rendered":"https:\/\/radiocityvalencia.es\/?post_type=artistas&#038;p=2239"},"modified":"2023-10-30T15:25:50","modified_gmt":"2023-10-30T15:25:50","slug":"from","status":"publish","type":"artistas","link":"https:\/\/radiocityvalencia.es\/en\/artistas\/from\/","title":{"rendered":"From"},"author":2,"featured_media":2240,"parent":0,"template":"","meta":[],"class_list":{"0":"post-2239","1":"artistas","2":"type-artistas","3":"status-publish","4":"has-post-thumbnail","6":"estilo_musical-indie","7":"estilo_musical-jazz","8":"estilo_musical-pop"},"acf":[],"yoast_head":"<!-- This site is optimized with the Yoast SEO plugin v27.5 - https:\/\/yoast.com\/product\/yoast-seo-wordpress\/ -->\n<title>From - Radiocity<\/title>\n<meta name=\"description\" content=\"No resulta f\u00e1cil hablar de la m\u00fasica de from. Lo primero porque es sorprendente que en tan pocos a\u00f1os un artista tan joven haya sido capaz de viajar con tanta comodidad entre el pop m\u00e1s luminoso, el postpunk m\u00e1s incisivo y el jazz m\u00e1s melanc\u00f3lico. Fue dejando pistas poco a poco: un primer disco bajo otro sobrenombre en el que brillaba su talento para la melod\u00eda y la querencia por un sonido de baja fidelidad pero con cuerpo y calidez. Un par de singles de pop perfecto, ya como from, que dejaban claro que tras ese nombre se escond\u00eda un gran escritor de canciones. Hubo tambi\u00e9n dos EPs de corte experimental, \u2018from tape\u2019 y \u2018oto\u00f1o\u2019, que apostaban por desarrollos instrumentales, rozando la psicodelia. Y de repente lleg\u00f3 \u2018Cada momento que te vi\u2019.\" \/>\n<meta name=\"robots\" content=\"index, follow, max-snippet:-1, max-image-preview:large, max-video-preview:-1\" \/>\n<link rel=\"canonical\" href=\"https:\/\/radiocityvalencia.es\/en\/artistas\/from\/\" \/>\n<meta property=\"og:locale\" content=\"en_US\" \/>\n<meta property=\"og:type\" content=\"article\" \/>\n<meta property=\"og:title\" content=\"From - Radiocity\" \/>\n<meta property=\"og:description\" content=\"No resulta f\u00e1cil hablar de la m\u00fasica de from. Lo primero porque es sorprendente que en tan pocos a\u00f1os un artista tan joven haya sido capaz de viajar con tanta comodidad entre el pop m\u00e1s luminoso, el postpunk m\u00e1s incisivo y el jazz m\u00e1s melanc\u00f3lico. Fue dejando pistas poco a poco: un primer disco bajo otro sobrenombre en el que brillaba su talento para la melod\u00eda y la querencia por un sonido de baja fidelidad pero con cuerpo y calidez. Un par de singles de pop perfecto, ya como from, que dejaban claro que tras ese nombre se escond\u00eda un gran escritor de canciones. Hubo tambi\u00e9n dos EPs de corte experimental, \u2018from tape\u2019 y \u2018oto\u00f1o\u2019, que apostaban por desarrollos instrumentales, rozando la psicodelia. Y de repente lleg\u00f3 \u2018Cada momento que te vi\u2019.\" \/>\n<meta property=\"og:url\" content=\"https:\/\/radiocityvalencia.es\/en\/artistas\/from\/\" \/>\n<meta property=\"og:site_name\" content=\"Radiocity\" \/>\n<meta property=\"article:publisher\" content=\"https:\/\/www.facebook.com\/radiocityvlc\" \/>\n<meta property=\"article:modified_time\" content=\"2023-10-30T15:25:50+00:00\" \/>\n<meta property=\"og:image\" content=\"https:\/\/radiocityvalencia.es\/wp-content\/uploads\/2023\/03\/CABECERA-ARTISTAS-FROM.webp\" \/>\n\t<meta property=\"og:image:width\" content=\"1920\" \/>\n\t<meta property=\"og:image:height\" content=\"1730\" \/>\n\t<meta property=\"og:image:type\" content=\"image\/webp\" \/>\n<meta name=\"twitter:card\" content=\"summary_large_image\" \/>\n<script type=\"application\/ld+json\" class=\"yoast-schema-graph\">{\"@context\":\"https:\\\/\\\/schema.org\",\"@graph\":[{\"@type\":\"WebPage\",\"@id\":\"https:\\\/\\\/radiocityvalencia.es\\\/en\\\/artistas\\\/from\\\/\",\"url\":\"https:\\\/\\\/radiocityvalencia.es\\\/en\\\/artistas\\\/from\\\/\",\"name\":\"From - Radiocity\",\"isPartOf\":{\"@id\":\"https:\\\/\\\/radiocityvalencia.es\\\/en\\\/#website\"},\"primaryImageOfPage\":{\"@id\":\"https:\\\/\\\/radiocityvalencia.es\\\/en\\\/artistas\\\/from\\\/#primaryimage\"},\"image\":{\"@id\":\"https:\\\/\\\/radiocityvalencia.es\\\/en\\\/artistas\\\/from\\\/#primaryimage\"},\"thumbnailUrl\":\"https:\\\/\\\/radiocityvalencia.es\\\/wp-content\\\/uploads\\\/2023\\\/05\\\/MINAITURA-ARTISTAS-FROM.webp\",\"datePublished\":\"2023-05-23T11:51:58+00:00\",\"dateModified\":\"2023-10-30T15:25:50+00:00\",\"description\":\"No resulta f\u00e1cil hablar de la m\u00fasica de from. Lo primero porque es sorprendente que en tan pocos a\u00f1os un artista tan joven haya sido capaz de viajar con tanta comodidad entre el pop m\u00e1s luminoso, el postpunk m\u00e1s incisivo y el jazz m\u00e1s melanc\u00f3lico. Fue dejando pistas poco a poco: un primer disco bajo otro sobrenombre en el que brillaba su talento para la melod\u00eda y la querencia por un sonido de baja fidelidad pero con cuerpo y calidez. Un par de singles de pop perfecto, ya como from, que dejaban claro que tras ese nombre se escond\u00eda un gran escritor de canciones. Hubo tambi\u00e9n dos EPs de corte experimental, \u2018from tape\u2019 y \u2018oto\u00f1o\u2019, que apostaban por desarrollos instrumentales, rozando la psicodelia. Y de repente lleg\u00f3 \u2018Cada momento que te vi\u2019.\",\"breadcrumb\":{\"@id\":\"https:\\\/\\\/radiocityvalencia.es\\\/en\\\/artistas\\\/from\\\/#breadcrumb\"},\"inLanguage\":\"en-US\",\"potentialAction\":[{\"@type\":\"ReadAction\",\"target\":[\"https:\\\/\\\/radiocityvalencia.es\\\/en\\\/artistas\\\/from\\\/\"]}]},{\"@type\":\"ImageObject\",\"inLanguage\":\"en-US\",\"@id\":\"https:\\\/\\\/radiocityvalencia.es\\\/en\\\/artistas\\\/from\\\/#primaryimage\",\"url\":\"https:\\\/\\\/radiocityvalencia.es\\\/wp-content\\\/uploads\\\/2023\\\/05\\\/MINAITURA-ARTISTAS-FROM.webp\",\"contentUrl\":\"https:\\\/\\\/radiocityvalencia.es\\\/wp-content\\\/uploads\\\/2023\\\/05\\\/MINAITURA-ARTISTAS-FROM.webp\",\"width\":398,\"height\":528},{\"@type\":\"BreadcrumbList\",\"@id\":\"https:\\\/\\\/radiocityvalencia.es\\\/en\\\/artistas\\\/from\\\/#breadcrumb\",\"itemListElement\":[{\"@type\":\"ListItem\",\"position\":1,\"name\":\"Portada\",\"item\":\"https:\\\/\\\/radiocityvalencia.es\\\/en\\\/home\\\/\"},{\"@type\":\"ListItem\",\"position\":2,\"name\":\"Artistas\",\"item\":\"https:\\\/\\\/radiocityvalencia.es\\\/en\\\/artistas\\\/\"},{\"@type\":\"ListItem\",\"position\":3,\"name\":\"From\"}]},{\"@type\":\"WebSite\",\"@id\":\"https:\\\/\\\/radiocityvalencia.es\\\/en\\\/#website\",\"url\":\"https:\\\/\\\/radiocityvalencia.es\\\/en\\\/\",\"name\":\"Radio City Valencia\",\"description\":\"The Place to Be\",\"publisher\":{\"@id\":\"https:\\\/\\\/radiocityvalencia.es\\\/en\\\/#organization\"},\"potentialAction\":[{\"@type\":\"SearchAction\",\"target\":{\"@type\":\"EntryPoint\",\"urlTemplate\":\"https:\\\/\\\/radiocityvalencia.es\\\/en\\\/?s={search_term_string}\"},\"query-input\":{\"@type\":\"PropertyValueSpecification\",\"valueRequired\":true,\"valueName\":\"search_term_string\"}}],\"inLanguage\":\"en-US\"},{\"@type\":\"Organization\",\"@id\":\"https:\\\/\\\/radiocityvalencia.es\\\/en\\\/#organization\",\"name\":\"Radio City Valencia\",\"url\":\"https:\\\/\\\/radiocityvalencia.es\\\/en\\\/\",\"logo\":{\"@type\":\"ImageObject\",\"inLanguage\":\"en-US\",\"@id\":\"https:\\\/\\\/radiocityvalencia.es\\\/en\\\/#\\\/schema\\\/logo\\\/image\\\/\",\"url\":\"https:\\\/\\\/radiocityvalencia.es\\\/wp-content\\\/uploads\\\/2023\\\/02\\\/LOGO_RADIO_WHT.png\",\"contentUrl\":\"https:\\\/\\\/radiocityvalencia.es\\\/wp-content\\\/uploads\\\/2023\\\/02\\\/LOGO_RADIO_WHT.png\",\"width\":398,\"height\":57,\"caption\":\"Radio City Valencia\"},\"image\":{\"@id\":\"https:\\\/\\\/radiocityvalencia.es\\\/en\\\/#\\\/schema\\\/logo\\\/image\\\/\"},\"sameAs\":[\"https:\\\/\\\/www.facebook.com\\\/radiocityvlc\"]}]}<\/script>\n<!-- \/ Yoast SEO plugin. -->","yoast_head_json":{"title":"From - Radiocity","description":"No resulta f\u00e1cil hablar de la m\u00fasica de from. Lo primero porque es sorprendente que en tan pocos a\u00f1os un artista tan joven haya sido capaz de viajar con tanta comodidad entre el pop m\u00e1s luminoso, el postpunk m\u00e1s incisivo y el jazz m\u00e1s melanc\u00f3lico. Fue dejando pistas poco a poco: un primer disco bajo otro sobrenombre en el que brillaba su talento para la melod\u00eda y la querencia por un sonido de baja fidelidad pero con cuerpo y calidez. Un par de singles de pop perfecto, ya como from, que dejaban claro que tras ese nombre se escond\u00eda un gran escritor de canciones. Hubo tambi\u00e9n dos EPs de corte experimental, \u2018from tape\u2019 y \u2018oto\u00f1o\u2019, que apostaban por desarrollos instrumentales, rozando la psicodelia. Y de repente lleg\u00f3 \u2018Cada momento que te vi\u2019.","robots":{"index":"index","follow":"follow","max-snippet":"max-snippet:-1","max-image-preview":"max-image-preview:large","max-video-preview":"max-video-preview:-1"},"canonical":"https:\/\/radiocityvalencia.es\/en\/artistas\/from\/","og_locale":"en_US","og_type":"article","og_title":"From - Radiocity","og_description":"No resulta f\u00e1cil hablar de la m\u00fasica de from. Lo primero porque es sorprendente que en tan pocos a\u00f1os un artista tan joven haya sido capaz de viajar con tanta comodidad entre el pop m\u00e1s luminoso, el postpunk m\u00e1s incisivo y el jazz m\u00e1s melanc\u00f3lico. Fue dejando pistas poco a poco: un primer disco bajo otro sobrenombre en el que brillaba su talento para la melod\u00eda y la querencia por un sonido de baja fidelidad pero con cuerpo y calidez. Un par de singles de pop perfecto, ya como from, que dejaban claro que tras ese nombre se escond\u00eda un gran escritor de canciones. Hubo tambi\u00e9n dos EPs de corte experimental, \u2018from tape\u2019 y \u2018oto\u00f1o\u2019, que apostaban por desarrollos instrumentales, rozando la psicodelia. Y de repente lleg\u00f3 \u2018Cada momento que te vi\u2019.","og_url":"https:\/\/radiocityvalencia.es\/en\/artistas\/from\/","og_site_name":"Radiocity","article_publisher":"https:\/\/www.facebook.com\/radiocityvlc","article_modified_time":"2023-10-30T15:25:50+00:00","og_image":[{"width":1920,"height":1730,"url":"https:\/\/radiocityvalencia.es\/wp-content\/uploads\/2023\/03\/CABECERA-ARTISTAS-FROM.webp","type":"image\/webp"}],"twitter_card":"summary_large_image","schema":{"@context":"https:\/\/schema.org","@graph":[{"@type":"WebPage","@id":"https:\/\/radiocityvalencia.es\/en\/artistas\/from\/","url":"https:\/\/radiocityvalencia.es\/en\/artistas\/from\/","name":"From - Radiocity","isPartOf":{"@id":"https:\/\/radiocityvalencia.es\/en\/#website"},"primaryImageOfPage":{"@id":"https:\/\/radiocityvalencia.es\/en\/artistas\/from\/#primaryimage"},"image":{"@id":"https:\/\/radiocityvalencia.es\/en\/artistas\/from\/#primaryimage"},"thumbnailUrl":"https:\/\/radiocityvalencia.es\/wp-content\/uploads\/2023\/05\/MINAITURA-ARTISTAS-FROM.webp","datePublished":"2023-05-23T11:51:58+00:00","dateModified":"2023-10-30T15:25:50+00:00","description":"No resulta f\u00e1cil hablar de la m\u00fasica de from. Lo primero porque es sorprendente que en tan pocos a\u00f1os un artista tan joven haya sido capaz de viajar con tanta comodidad entre el pop m\u00e1s luminoso, el postpunk m\u00e1s incisivo y el jazz m\u00e1s melanc\u00f3lico. Fue dejando pistas poco a poco: un primer disco bajo otro sobrenombre en el que brillaba su talento para la melod\u00eda y la querencia por un sonido de baja fidelidad pero con cuerpo y calidez. Un par de singles de pop perfecto, ya como from, que dejaban claro que tras ese nombre se escond\u00eda un gran escritor de canciones. Hubo tambi\u00e9n dos EPs de corte experimental, \u2018from tape\u2019 y \u2018oto\u00f1o\u2019, que apostaban por desarrollos instrumentales, rozando la psicodelia. Y de repente lleg\u00f3 \u2018Cada momento que te vi\u2019.","breadcrumb":{"@id":"https:\/\/radiocityvalencia.es\/en\/artistas\/from\/#breadcrumb"},"inLanguage":"en-US","potentialAction":[{"@type":"ReadAction","target":["https:\/\/radiocityvalencia.es\/en\/artistas\/from\/"]}]},{"@type":"ImageObject","inLanguage":"en-US","@id":"https:\/\/radiocityvalencia.es\/en\/artistas\/from\/#primaryimage","url":"https:\/\/radiocityvalencia.es\/wp-content\/uploads\/2023\/05\/MINAITURA-ARTISTAS-FROM.webp","contentUrl":"https:\/\/radiocityvalencia.es\/wp-content\/uploads\/2023\/05\/MINAITURA-ARTISTAS-FROM.webp","width":398,"height":528},{"@type":"BreadcrumbList","@id":"https:\/\/radiocityvalencia.es\/en\/artistas\/from\/#breadcrumb","itemListElement":[{"@type":"ListItem","position":1,"name":"Portada","item":"https:\/\/radiocityvalencia.es\/en\/home\/"},{"@type":"ListItem","position":2,"name":"Artistas","item":"https:\/\/radiocityvalencia.es\/en\/artistas\/"},{"@type":"ListItem","position":3,"name":"From"}]},{"@type":"WebSite","@id":"https:\/\/radiocityvalencia.es\/en\/#website","url":"https:\/\/radiocityvalencia.es\/en\/","name":"Radio City Valencia","description":"The Place to Be","publisher":{"@id":"https:\/\/radiocityvalencia.es\/en\/#organization"},"potentialAction":[{"@type":"SearchAction","target":{"@type":"EntryPoint","urlTemplate":"https:\/\/radiocityvalencia.es\/en\/?s={search_term_string}"},"query-input":{"@type":"PropertyValueSpecification","valueRequired":true,"valueName":"search_term_string"}}],"inLanguage":"en-US"},{"@type":"Organization","@id":"https:\/\/radiocityvalencia.es\/en\/#organization","name":"Radio City Valencia","url":"https:\/\/radiocityvalencia.es\/en\/","logo":{"@type":"ImageObject","inLanguage":"en-US","@id":"https:\/\/radiocityvalencia.es\/en\/#\/schema\/logo\/image\/","url":"https:\/\/radiocityvalencia.es\/wp-content\/uploads\/2023\/02\/LOGO_RADIO_WHT.png","contentUrl":"https:\/\/radiocityvalencia.es\/wp-content\/uploads\/2023\/02\/LOGO_RADIO_WHT.png","width":398,"height":57,"caption":"Radio City Valencia"},"image":{"@id":"https:\/\/radiocityvalencia.es\/en\/#\/schema\/logo\/image\/"},"sameAs":["https:\/\/www.facebook.com\/radiocityvlc"]}]}},"_links":{"self":[{"href":"https:\/\/radiocityvalencia.es\/en\/wp-json\/wp\/v2\/artistas\/2239","targetHints":{"allow":["GET"]}}],"collection":[{"href":"https:\/\/radiocityvalencia.es\/en\/wp-json\/wp\/v2\/artistas"}],"about":[{"href":"https:\/\/radiocityvalencia.es\/en\/wp-json\/wp\/v2\/types\/artistas"}],"author":[{"embeddable":true,"href":"https:\/\/radiocityvalencia.es\/en\/wp-json\/wp\/v2\/users\/2"}],"version-history":[{"count":2,"href":"https:\/\/radiocityvalencia.es\/en\/wp-json\/wp\/v2\/artistas\/2239\/revisions"}],"predecessor-version":[{"id":4150,"href":"https:\/\/radiocityvalencia.es\/en\/wp-json\/wp\/v2\/artistas\/2239\/revisions\/4150"}],"wp:featuredmedia":[{"embeddable":true,"href":"https:\/\/radiocityvalencia.es\/en\/wp-json\/wp\/v2\/media\/2240"}],"wp:attachment":[{"href":"https:\/\/radiocityvalencia.es\/en\/wp-json\/wp\/v2\/media?parent=2239"}],"curies":[{"name":"wp","href":"https:\/\/api.w.org\/{rel}","templated":true}]}}