{"version":"1.0","provider_name":"Radiocity","provider_url":"https:\/\/radiocityvalencia.es\/en\/","title":"Marianela S\u00e1nchez - Radiocity","type":"rich","width":600,"height":338,"html":"<blockquote class=\"wp-embedded-content\" data-secret=\"6EuijNG8ds\"><a href=\"https:\/\/radiocityvalencia.es\/en\/artistas\/su-carrera-profesional-esta-vinculada-al-fotoperiodismo\/\">Marianela S\u00e1nchez<\/a><\/blockquote><iframe sandbox=\"allow-scripts\" security=\"restricted\" src=\"https:\/\/radiocityvalencia.es\/en\/artistas\/su-carrera-profesional-esta-vinculada-al-fotoperiodismo\/embed\/#?secret=6EuijNG8ds\" width=\"600\" height=\"338\" title=\"&#8220;Marianela S\u00e1nchez&#8221; &#8212; Radiocity\" data-secret=\"6EuijNG8ds\" frameborder=\"0\" marginwidth=\"0\" marginheight=\"0\" scrolling=\"no\" class=\"wp-embedded-content\"><\/iframe><script type=\"text\/javascript\">\n\/* <![CDATA[ *\/\n\/*! This file is auto-generated *\/\n!function(d,l){\"use strict\";l.querySelector&&d.addEventListener&&\"undefined\"!=typeof URL&&(d.wp=d.wp||{},d.wp.receiveEmbedMessage||(d.wp.receiveEmbedMessage=function(e){var t=e.data;if((t||t.secret||t.message||t.value)&&!\/[^a-zA-Z0-9]\/.test(t.secret)){for(var s,r,n,a=l.querySelectorAll('iframe[data-secret=\"'+t.secret+'\"]'),o=l.querySelectorAll('blockquote[data-secret=\"'+t.secret+'\"]'),c=new RegExp(\"^https?:$\",\"i\"),i=0;i<o.length;i++)o[i].style.display=\"none\";for(i=0;i<a.length;i++)s=a[i],e.source===s.contentWindow&&(s.removeAttribute(\"style\"),\"height\"===t.message?(1e3<(r=parseInt(t.value,10))?r=1e3:~~r<200&&(r=200),s.height=r):\"link\"===t.message&&(r=new URL(s.getAttribute(\"src\")),n=new URL(t.value),c.test(n.protocol))&&n.host===r.host&&l.activeElement===s&&(d.top.location.href=t.value))}},d.addEventListener(\"message\",d.wp.receiveEmbedMessage,!1),l.addEventListener(\"DOMContentLoaded\",function(){for(var e,t,s=l.querySelectorAll(\"iframe.wp-embedded-content\"),r=0;r<s.length;r++)(t=(e=s[r]).getAttribute(\"data-secret\"))||(t=Math.random().toString(36).substring(2,12),e.src+=\"#?secret=\"+t,e.setAttribute(\"data-secret\",t)),e.contentWindow.postMessage({message:\"ready\",secret:t},\"*\")},!1)))}(window,document);\n\/\/# sourceURL=https:\/\/radiocityvalencia.es\/wp-includes\/js\/wp-embed.min.js\n\/* ]]> *\/\n<\/script>\n","thumbnail_url":"https:\/\/radiocityvalencia.es\/wp-content\/uploads\/2023\/11\/Marianela-cabecera.webp","thumbnail_width":1920,"thumbnail_height":1278,"description":"Marianela S\u00e1nchezse form\u00f3 en la Escuela de Artes Aplicadas Lino Enea Spilimbergo (C\u00f3rdoba). Su carrera profesional est\u00e1 vinculada al fotoperiodismo. El n\u00facleo de su trabajo m\u00e1s personal se centra en el documentalismo."}